{"id":106,"date":"2022-05-25T16:52:28","date_gmt":"2022-05-25T19:52:28","modified":"2025-06-30T16:23:39","modified_gmt":"2025-06-30T19:23:39","slug":"preguntas-frecuentes","status":"publish","type":"page","link":"https:\/\/gc.adventistas.org\/es\/preguntas-frecuentes\/","title":{"rendered":"Preguntas Frecuentes"},"content":{"rendered":"\t\t<div data-elementor-type=\"wp-page\" data-elementor-id=\"106\" class=\"elementor elementor-106\" data-elementor-post-type=\"page\">\n\t\t\t\t\t\t<section class=\"elementor-section elementor-top-section elementor-element elementor-element-b06b707 elementor-section-boxed elementor-section-height-default elementor-section-height-default\" data-id=\"b06b707\" data-element_type=\"section\">\n\t\t\t\t\t\t<div class=\"elementor-container elementor-column-gap-default\">\n\t\t\t\t\t<div class=\"elementor-column elementor-col-100 elementor-top-column elementor-element elementor-element-e76bb1a\" data-id=\"e76bb1a\" data-element_type=\"column\">\n\t\t\t<div class=\"elementor-widget-wrap elementor-element-populated\">\n\t\t\t\t\t\t<div class=\"elementor-element elementor-element-f47a374 elementor-widget elementor-widget-html\" data-id=\"f47a374\" data-element_type=\"widget\" data-widget_type=\"html.default\">\n\t\t\t\t<div class=\"elementor-widget-container\">\n\t\t\t\t\t<style>\n    #main > div > div > article > header {\n        display: none;\n    }\n    \n    #main > div > div > article > footer > a.btn-grey.p-\\[18px\\] {\n        display: none;\n    }\n    \n    #main > div > div > article > footer > a.btn-secondary.py-3.px-6.text-base {\n        background: #203760;\n        color: white;\n        border-radius: 16px\n    }\n<\/style>\n\t\t\t\t<\/div>\n\t\t\t\t<\/div>\n\t\t\t\t<div class=\"elementor-element elementor-element-6e0b5c3 elementor-widget elementor-widget-heading\" data-id=\"6e0b5c3\" data-element_type=\"widget\" data-widget_type=\"heading.default\">\n\t\t\t\t<div class=\"elementor-widget-container\">\n\t\t\t\t\t<h2 class=\"elementor-heading-title elementor-size-default\">FAQ<\/h2>\t\t\t\t<\/div>\n\t\t\t\t<\/div>\n\t\t\t\t<div class=\"elementor-element elementor-element-42d1164 elementor-widget elementor-widget-heading\" data-id=\"42d1164\" data-element_type=\"widget\" data-widget_type=\"heading.default\">\n\t\t\t\t<div class=\"elementor-widget-container\">\n\t\t\t\t\t<h2 class=\"elementor-heading-title elementor-size-default\">Preguntas frecuentes<\/h2>\t\t\t\t<\/div>\n\t\t\t\t<\/div>\n\t\t\t\t\t<\/div>\n\t\t<\/div>\n\t\t\t\t\t<\/div>\n\t\t<\/section>\n\t\t\t\t<section class=\"elementor-section elementor-top-section elementor-element elementor-element-bd71155 elementor-section-boxed elementor-section-height-default elementor-section-height-default\" data-id=\"bd71155\" data-element_type=\"section\">\n\t\t\t\t\t\t<div class=\"elementor-container elementor-column-gap-default\">\n\t\t\t\t\t<div class=\"elementor-column elementor-col-100 elementor-top-column elementor-element elementor-element-84acdb4\" data-id=\"84acdb4\" data-element_type=\"column\">\n\t\t\t<div class=\"elementor-widget-wrap elementor-element-populated\">\n\t\t\t\t\t\t\t<\/div>\n\t\t<\/div>\n\t\t\t\t\t<\/div>\n\t\t<\/section>\n\t\t<div class=\"elementor-element elementor-element-2047986 e-flex e-con-boxed e-con e-parent\" data-id=\"2047986\" data-element_type=\"container\">\n\t\t\t\t\t<div class=\"e-con-inner\">\n\t\t\t\t<div class=\"elementor-element elementor-element-fbc6ab1 elementor-widget elementor-widget-n-accordion\" data-id=\"fbc6ab1\" data-element_type=\"widget\" data-settings=\"{&quot;default_state&quot;:&quot;expanded&quot;,&quot;max_items_expended&quot;:&quot;one&quot;,&quot;n_accordion_animation_duration&quot;:{&quot;unit&quot;:&quot;ms&quot;,&quot;size&quot;:400,&quot;sizes&quot;:[]}}\" data-widget_type=\"nested-accordion.default\">\n\t\t\t\t<div class=\"elementor-widget-container\">\n\t\t\t\t\t\t\t<div class=\"e-n-accordion\" aria-label=\"Accordion. Open links with Enter or Space, close with Escape, and navigate with Arrow Keys\">\n\t\t\t\t\t\t<details id=\"e-n-accordion-item-2640\" class=\"e-n-accordion-item\" open>\n\t\t\t\t<summary class=\"e-n-accordion-item-title\" data-accordion-index=\"1\" tabindex=\"0\" aria-expanded=\"true\" aria-controls=\"e-n-accordion-item-2640\" >\n\t\t\t\t\t<span class='e-n-accordion-item-title-header'><div class=\"e-n-accordion-item-title-text\"> <p>\u00bfPor qu\u00e9 la Iglesia Adventista realiza una Asamblea cada 5 anos?<br> \u00bfCu\u00e1l es el prop\u00f3sito de la Asamblea de la Asociaci\u00f3n General?<\/p> <\/div><\/span>\n\t\t\t\t\t\t\t<span class='e-n-accordion-item-title-icon'>\n\t\t\t<span class='e-opened' ><i aria-hidden=\"true\" class=\"fas fa-chevron-up\"><\/i><\/span>\n\t\t\t<span class='e-closed'><i aria-hidden=\"true\" class=\"fas fa-chevron-down\"><\/i><\/span>\n\t\t<\/span>\n\n\t\t\t\t\t\t<\/summary>\n\t\t\t\t<div role=\"region\" aria-labelledby=\"e-n-accordion-item-2640\" class=\"elementor-element elementor-element-c76b6a3 e-con-full e-flex e-con e-child\" data-id=\"c76b6a3\" data-element_type=\"container\">\n\t\t<div role=\"region\" aria-labelledby=\"e-n-accordion-item-2640\" class=\"elementor-element elementor-element-70d68a1 e-flex e-con-boxed e-con e-child\" data-id=\"70d68a1\" data-element_type=\"container\">\n\t\t\t\t\t<div class=\"e-con-inner\">\n\t\t\t\t<div class=\"elementor-element elementor-element-9c55139 elementor-widget elementor-widget-text-editor\" data-id=\"9c55139\" data-element_type=\"widget\" data-widget_type=\"text-editor.default\">\n\t\t\t\t<div class=\"elementor-widget-container\">\n\t\t\t\t\t\t\t\t\t<p>\nLa Asamblea de la Asociaci\u00f3n General es un encuentro espiritual mundial y una reuni\u00f3n exigida constitucionalmente, realizada cada cinco a\u00f1os desde 1970. Su prop\u00f3sito es elegir el liderazgo mundial, definir la direcci\u00f3n de la Iglesia para los pr\u00f3ximos cinco a\u00f1os y votar cambios en la Constituci\u00f3n, las Creencias Fundamentales y el Manual de la Iglesia.\n<\/p>\n\t\t\t\t\t\t\t\t<\/div>\n\t\t\t\t<\/div>\n\t\t\t\t\t<\/div>\n\t\t\t\t<\/div>\n\t\t\t\t<\/div>\n\t\t\t\t\t<\/details>\n\t\t\t\t\t\t<details id=\"e-n-accordion-item-2641\" class=\"e-n-accordion-item\" >\n\t\t\t\t<summary class=\"e-n-accordion-item-title\" data-accordion-index=\"2\" tabindex=\"-1\" aria-expanded=\"false\" aria-controls=\"e-n-accordion-item-2641\" >\n\t\t\t\t\t<span class='e-n-accordion-item-title-header'><div class=\"e-n-accordion-item-title-text\"> <p> \u00bfEs necesario ser un delegado para asistir al evento? \u00bfCu\u00e1ntos delegados hay? \u00bfC\u00f3mo son <br> elegidos? \u00bfCu\u00e1l es su funci\u00f3n? <\/p> <\/div><\/span>\n\t\t\t\t\t\t\t<span class='e-n-accordion-item-title-icon'>\n\t\t\t<span class='e-opened' ><i aria-hidden=\"true\" class=\"fas fa-chevron-up\"><\/i><\/span>\n\t\t\t<span class='e-closed'><i aria-hidden=\"true\" class=\"fas fa-chevron-down\"><\/i><\/span>\n\t\t<\/span>\n\n\t\t\t\t\t\t<\/summary>\n\t\t\t\t<div role=\"region\" aria-labelledby=\"e-n-accordion-item-2641\" class=\"elementor-element elementor-element-c26329f e-con-full e-flex e-con e-child\" data-id=\"c26329f\" data-element_type=\"container\">\n\t\t<div role=\"region\" aria-labelledby=\"e-n-accordion-item-2641\" class=\"elementor-element elementor-element-2ba820f e-flex e-con-boxed e-con e-child\" data-id=\"2ba820f\" data-element_type=\"container\">\n\t\t\t\t\t<div class=\"e-con-inner\">\n\t\t\t\t<div class=\"elementor-element elementor-element-e2811cb elementor-widget elementor-widget-text-editor\" data-id=\"e2811cb\" data-element_type=\"widget\" data-widget_type=\"text-editor.default\">\n\t\t\t\t<div class=\"elementor-widget-container\">\n\t\t\t\t\t\t\t\t\t<p><br \/>La Asamblea de la Asociaci\u00f3n General es una reuni\u00f3n abierta: cualquier persona puede asistir, pero solo los delegados e invitados pueden hablar, y \u00fanicamente los delegados pueden votar. Cada sede administrativa que abarca uno o m\u00e1s Estados (Uniones) nombra delegados para representar su territorio. Adem\u00e1s, se seleccionan delegados para representar las principales instituciones de la Iglesia.<\/p>\t\t\t\t\t\t\t\t<\/div>\n\t\t\t\t<\/div>\n\t\t\t\t\t<\/div>\n\t\t\t\t<\/div>\n\t\t\t\t<\/div>\n\t\t\t\t\t<\/details>\n\t\t\t\t\t\t<details id=\"e-n-accordion-item-2642\" class=\"e-n-accordion-item\" >\n\t\t\t\t<summary class=\"e-n-accordion-item-title\" data-accordion-index=\"3\" tabindex=\"-1\" aria-expanded=\"false\" aria-controls=\"e-n-accordion-item-2642\" >\n\t\t\t\t\t<span class='e-n-accordion-item-title-header'><div class=\"e-n-accordion-item-title-text\"> <p> \u00bfC\u00f3mo se benefician los miembros al asistir a la Asamblea? <\/p> <\/div><\/span>\n\t\t\t\t\t\t\t<span class='e-n-accordion-item-title-icon'>\n\t\t\t<span class='e-opened' ><i aria-hidden=\"true\" class=\"fas fa-chevron-up\"><\/i><\/span>\n\t\t\t<span class='e-closed'><i aria-hidden=\"true\" class=\"fas fa-chevron-down\"><\/i><\/span>\n\t\t<\/span>\n\n\t\t\t\t\t\t<\/summary>\n\t\t\t\t<div role=\"region\" aria-labelledby=\"e-n-accordion-item-2642\" class=\"elementor-element elementor-element-3da33a7 e-con-full e-flex e-con e-child\" data-id=\"3da33a7\" data-element_type=\"container\">\n\t\t<div role=\"region\" aria-labelledby=\"e-n-accordion-item-2642\" class=\"elementor-element elementor-element-6db1803 e-flex e-con-boxed e-con e-child\" data-id=\"6db1803\" data-element_type=\"container\">\n\t\t\t\t\t<div class=\"e-con-inner\">\n\t\t\t\t<div class=\"elementor-element elementor-element-deaf88f elementor-widget elementor-widget-text-editor\" data-id=\"deaf88f\" data-element_type=\"widget\" data-widget_type=\"text-editor.default\">\n\t\t\t\t<div class=\"elementor-widget-container\">\n\t\t\t\t\t\t\t\t\t<p>\nLos participantes obtienen un conocimiento sobre la iglesia mundial y c\u00f3mo funciona. Literalmente ver\u00e1n a m\u00e1s personas de diferentes pa\u00edses y grupos ling\u00fc\u00edsticos que en cualquier otro encuentro de la Iglesia y, probablemente, del mundo.\n<\/p>\n\t\t\t\t\t\t\t\t<\/div>\n\t\t\t\t<\/div>\n\t\t\t\t\t<\/div>\n\t\t\t\t<\/div>\n\t\t\t\t<\/div>\n\t\t\t\t\t<\/details>\n\t\t\t\t\t\t<details id=\"e-n-accordion-item-2643\" class=\"e-n-accordion-item\" >\n\t\t\t\t<summary class=\"e-n-accordion-item-title\" data-accordion-index=\"4\" tabindex=\"-1\" aria-expanded=\"false\" aria-controls=\"e-n-accordion-item-2643\" >\n\t\t\t\t\t<span class='e-n-accordion-item-title-header'><div class=\"e-n-accordion-item-title-text\"> \u00bfC\u00f3mo es un d\u00eda t\u00edpico en la Asamblea de la Asociaci\u00f3n General? <\/div><\/span>\n\t\t\t\t\t\t\t<span class='e-n-accordion-item-title-icon'>\n\t\t\t<span class='e-opened' ><i aria-hidden=\"true\" class=\"fas fa-chevron-up\"><\/i><\/span>\n\t\t\t<span class='e-closed'><i aria-hidden=\"true\" class=\"fas fa-chevron-down\"><\/i><\/span>\n\t\t<\/span>\n\n\t\t\t\t\t\t<\/summary>\n\t\t\t\t<div role=\"region\" aria-labelledby=\"e-n-accordion-item-2643\" class=\"elementor-element elementor-element-20336af e-con-full e-flex e-con e-child\" data-id=\"20336af\" data-element_type=\"container\">\n\t\t<div role=\"region\" aria-labelledby=\"e-n-accordion-item-2643\" class=\"elementor-element elementor-element-68d20ef e-flex e-con-boxed e-con e-child\" data-id=\"68d20ef\" data-element_type=\"container\">\n\t\t\t\t\t<div class=\"e-con-inner\">\n\t\t\t\t<div class=\"elementor-element elementor-element-fb90d07 elementor-widget elementor-widget-text-editor\" data-id=\"fb90d07\" data-element_type=\"widget\" data-widget_type=\"text-editor.default\">\n\t\t\t\t<div class=\"elementor-widget-container\">\n\t\t\t\t\t\t\t\t\t<p><br \/>Para quienes trabajan entre bastidores, el d\u00eda comienza con una Comisi\u00f3n Directiva que determina los puntos de la agenda del d\u00eda. La primera reuni\u00f3n p\u00fablica es el culto matutino, seguida de una sesi\u00f3n de trabajo que se extiende hasta el almuerzo. Por la tarde hay otra sesi\u00f3n de trabajo. Por la noche, las distintas regiones del mundo tienen la oportunidad de presentar su misi\u00f3n, desaf\u00edos y oportunidades, todo acompa\u00f1ado de coloridas vestimentas y m\u00fasica t\u00edpica de cada pa\u00eds.<\/p>\t\t\t\t\t\t\t\t<\/div>\n\t\t\t\t<\/div>\n\t\t\t\t\t<\/div>\n\t\t\t\t<\/div>\n\t\t\t\t<\/div>\n\t\t\t\t\t<\/details>\n\t\t\t\t\t\t<details id=\"e-n-accordion-item-2644\" class=\"e-n-accordion-item\" >\n\t\t\t\t<summary class=\"e-n-accordion-item-title\" data-accordion-index=\"5\" tabindex=\"-1\" aria-expanded=\"false\" aria-controls=\"e-n-accordion-item-2644\" >\n\t\t\t\t\t<span class='e-n-accordion-item-title-header'><div class=\"e-n-accordion-item-title-text\"> \u00bfC\u00f3mo funciona el proceso de elecci\u00f3n de los oficiales de la Iglesia? \u00bfQu\u00e9 cargos ser\u00e1n ocupados en la <br> Asamblea de la Asociaci\u00f3n General? \u00bfEn qu\u00e9 momento se elige al presidente de la Asociaci\u00f3n General? <\/div><\/span>\n\t\t\t\t\t\t\t<span class='e-n-accordion-item-title-icon'>\n\t\t\t<span class='e-opened' ><i aria-hidden=\"true\" class=\"fas fa-chevron-up\"><\/i><\/span>\n\t\t\t<span class='e-closed'><i aria-hidden=\"true\" class=\"fas fa-chevron-down\"><\/i><\/span>\n\t\t<\/span>\n\n\t\t\t\t\t\t<\/summary>\n\t\t\t\t<div role=\"region\" aria-labelledby=\"e-n-accordion-item-2644\" class=\"elementor-element elementor-element-468a3a7 e-con-full e-flex e-con e-child\" data-id=\"468a3a7\" data-element_type=\"container\">\n\t\t<div role=\"region\" aria-labelledby=\"e-n-accordion-item-2644\" class=\"elementor-element elementor-element-9148658 e-flex e-con-boxed e-con e-child\" data-id=\"9148658\" data-element_type=\"container\">\n\t\t\t\t\t<div class=\"e-con-inner\">\n\t\t\t\t<div class=\"elementor-element elementor-element-654e5b3 elementor-widget elementor-widget-text-editor\" data-id=\"654e5b3\" data-element_type=\"widget\" data-widget_type=\"text-editor.default\">\n\t\t\t\t<div class=\"elementor-widget-container\">\n\t\t\t\t\t\t\t\t\t<p>\u00bfC\u00f3mo funciona el proceso de elecci\u00f3n de los oficiales de la Iglesia? \u00bfQu\u00e9 cargos ser\u00e1n ocupados en la <br \/>Asamblea de la Asociaci\u00f3n General? \u00bfEn qu\u00e9 momento se elige al presidente de la Asociaci\u00f3n General?<\/p>\t\t\t\t\t\t\t\t<\/div>\n\t\t\t\t<\/div>\n\t\t\t\t\t<\/div>\n\t\t\t\t<\/div>\n\t\t\t\t<\/div>\n\t\t\t\t\t<\/details>\n\t\t\t\t\t\t<details id=\"e-n-accordion-item-2645\" class=\"e-n-accordion-item\" >\n\t\t\t\t<summary class=\"e-n-accordion-item-title\" data-accordion-index=\"6\" tabindex=\"-1\" aria-expanded=\"false\" aria-controls=\"e-n-accordion-item-2645\" >\n\t\t\t\t\t<span class='e-n-accordion-item-title-header'><div class=\"e-n-accordion-item-title-text\"> \u00bfC\u00f3mo pueden los miembros de la Iglesia recibir actualizaciones sobre los acontecimientos y las votaciones en la Asociaci\u00f3n General? <\/div><\/span>\n\t\t\t\t\t\t\t<span class='e-n-accordion-item-title-icon'>\n\t\t\t<span class='e-opened' ><i aria-hidden=\"true\" class=\"fas fa-chevron-up\"><\/i><\/span>\n\t\t\t<span class='e-closed'><i aria-hidden=\"true\" class=\"fas fa-chevron-down\"><\/i><\/span>\n\t\t<\/span>\n\n\t\t\t\t\t\t<\/summary>\n\t\t\t\t<div role=\"region\" aria-labelledby=\"e-n-accordion-item-2645\" class=\"elementor-element elementor-element-1b049d4 e-con-full e-flex e-con e-child\" data-id=\"1b049d4\" data-element_type=\"container\">\n\t\t<div role=\"region\" aria-labelledby=\"e-n-accordion-item-2645\" class=\"elementor-element elementor-element-e512ddd e-flex e-con-boxed e-con e-child\" data-id=\"e512ddd\" data-element_type=\"container\">\n\t\t\t\t\t<div class=\"e-con-inner\">\n\t\t\t\t<div class=\"elementor-element elementor-element-5c5dea8 elementor-widget elementor-widget-text-editor\" data-id=\"5c5dea8\" data-element_type=\"widget\" data-widget_type=\"text-editor.default\">\n\t\t\t\t<div class=\"elementor-widget-container\">\n\t\t\t\t\t\t\t\t\t<p>Toda la informaci\u00f3n estar\u00e1 disponible en <a href=\"https:\/\/gc.adventistas.org\">gc.adventistas.org<\/a>, un sitio que reunir\u00e1 contenidos producidos por instituciones de la Iglesia Adventista, como la Agencia Adventista Sudamericana de Noticias, Asociaci\u00f3n Casa Editora Sudamericana, Radio y TV Nuevo Tiempo, y Casa Publicadora Brasile\u00f1a.<\/p>\t\t\t\t\t\t\t\t<\/div>\n\t\t\t\t<\/div>\n\t\t\t\t\t<\/div>\n\t\t\t\t<\/div>\n\t\t\t\t<\/div>\n\t\t\t\t\t<\/details>\n\t\t\t\t\t<\/div>\n\t\t\t\t\t\t<\/div>\n\t\t\t\t<\/div>\n\t\t\t\t\t<\/div>\n\t\t\t\t<\/div>\n\t\t\t\t<\/div>\n\t\t","protected":false},"excerpt":{"rendered":"<p>FAQ Preguntas frecuentes \u00bfPor qu\u00e9 la Iglesia Adventista realiza una Asamblea cada 5 anos? \u00bfCu\u00e1l es el prop\u00f3sito de la Asamblea de la Asociaci\u00f3n General? La Asamblea de la Asociaci\u00f3n General es un encuentro espiritual mundial y una reuni\u00f3n exigida constitucionalmente, realizada cada cinco a\u00f1os desde 1970. Su prop\u00f3sito es elegir el liderazgo mundial, definir &hellip; <a href=\"https:\/\/gc.adventistas.org\/es\/preguntas-frecuentes\/\">Continued<\/a><\/p>\n","protected":false},"author":1,"featured_media":0,"parent":0,"menu_order":0,"comment_status":"closed","template":"elementor_theme","meta":{"_acf_changed":false,"footnotes":""},"class_list":["post-106","page","type-page","status-publish","hentry"],"acf":[]}