{"id":77,"date":"2022-05-25T10:21:37","date_gmt":"2022-05-25T13:21:37","modified":"2025-06-30T17:42:42","modified_gmt":"2025-06-30T20:42:42","slug":"historia-de-las-asambleas-de-la-asociacion-general","status":"publish","type":"page","link":"https:\/\/gc.adventistas.org\/es\/historia-de-las-asambleas-de-la-asociacion-general\/","title":{"rendered":"Historia de las Asambleas de la Asociaci\u00f3n General"},"content":{"rendered":"\t\t<div data-elementor-type=\"wp-page\" data-elementor-id=\"77\" class=\"elementor elementor-77\" data-elementor-post-type=\"page\">\n\t\t\t\t<div class=\"elementor-element elementor-element-d294397 e-flex e-con-boxed e-con e-parent\" data-id=\"d294397\" data-element_type=\"container\">\n\t\t\t\t\t<div class=\"e-con-inner\">\n\t\t\t\t<div class=\"elementor-element elementor-element-46bf3d3 elementor-widget elementor-widget-html\" data-id=\"46bf3d3\" data-element_type=\"widget\" data-widget_type=\"html.default\">\n\t\t\t\t<div class=\"elementor-widget-container\">\n\t\t\t\t\t<style>\n    .mainContent {\n        padding-top: 48px\n    }\n    \n    .mainContent article {\n            padding-bottom: 48px;\n    }\n\n    #main > div > div > article > header {\n        display: none;\n    }\n    \n    #main > div > div > article > footer > a.btn-grey.p-\\[18px\\] {\n        display: none;\n    }\n    \n    #main > div > div > article > footer > a.btn-secondary.py-3.px-6.text-base {\n        background: #203760;\n        color: white;\n        border-radius: 8px;\n        font-weight: 700;\n        height: 56px !important;\n        display: flex;\n        align-items: center;\n    }\n    \n    .font-informa-pro{\n        font-family: InformaPro !important;\n        font-weight: 400;\n    }\n    \n    .border-grey-light {\n        border-color: transparent !important;\n    }\n    \n    .pageTitle {\n        padding-top: 56px;\n        padding-bottom: 48px;\n    }\n    \n    @media (max-width: 768px) {\n        .border-grey-light {\n            display: flex\n;\n    justify-content: center;\n    margin-bottom: -20px;\n        }\n        \n        .mainContent {\n        padding-top: 48px;\n    padding-left: 0;\n    padding-right: 0;\n        }\n    }\n<\/style>\n\t\t\t\t<\/div>\n\t\t\t\t<\/div>\n\t\t\t\t\t<\/div>\n\t\t\t\t<\/div>\n\t\t\t\t<section class=\"elementor-section elementor-top-section elementor-element elementor-element-442e8c0 elementor-section-boxed elementor-section-height-default elementor-section-height-default\" data-id=\"442e8c0\" data-element_type=\"section\">\n\t\t\t\t\t\t<div class=\"elementor-container elementor-column-gap-default\">\n\t\t\t\t\t<div class=\"elementor-column elementor-col-100 elementor-top-column elementor-element elementor-element-3e9f8ef\" data-id=\"3e9f8ef\" data-element_type=\"column\">\n\t\t\t<div class=\"elementor-widget-wrap elementor-element-populated\">\n\t\t\t\t\t\t<div class=\"elementor-element elementor-element-c5dec83 elementor-widget elementor-widget-heading\" data-id=\"c5dec83\" data-element_type=\"widget\" data-widget_type=\"heading.default\">\n\t\t\t\t<div class=\"elementor-widget-container\">\n\t\t\t\t\t<span class=\"elementor-heading-title elementor-size-default\">Sobre nosotros<\/span>\t\t\t\t<\/div>\n\t\t\t\t<\/div>\n\t\t\t\t<div class=\"elementor-element elementor-element-593e60f elementor-widget elementor-widget-heading\" data-id=\"593e60f\" data-element_type=\"widget\" data-widget_type=\"heading.default\">\n\t\t\t\t<div class=\"elementor-widget-container\">\n\t\t\t\t\t<h1 class=\"elementor-heading-title elementor-size-default\">Nuestra historia<\/h1>\t\t\t\t<\/div>\n\t\t\t\t<\/div>\n\t\t\t\t<div class=\"elementor-element elementor-element-1f74837 font-informa-pro elementor-widget elementor-widget-text-editor\" data-id=\"1f74837\" data-element_type=\"widget\" data-widget_type=\"text-editor.default\">\n\t\t\t\t<div class=\"elementor-widget-container\">\n\t\t\t\t\t\t\t\t\t<p>Fe, conexi\u00f3n y prop\u00f3sito<\/p>\t\t\t\t\t\t\t\t<\/div>\n\t\t\t\t<\/div>\n\t\t\t\t<div class=\"elementor-element elementor-element-af6613b elementor-hidden-desktop elementor-widget-divider--view-line elementor-widget elementor-widget-divider\" data-id=\"af6613b\" data-element_type=\"widget\" data-widget_type=\"divider.default\">\n\t\t\t\t<div class=\"elementor-widget-container\">\n\t\t\t\t\t\t\t<div class=\"elementor-divider\">\n\t\t\t<span class=\"elementor-divider-separator\">\n\t\t\t\t\t\t<\/span>\n\t\t<\/div>\n\t\t\t\t\t\t<\/div>\n\t\t\t\t<\/div>\n\t\t\t\t\t<\/div>\n\t\t<\/div>\n\t\t\t\t\t<\/div>\n\t\t<\/section>\n\t\t<div class=\"elementor-element elementor-element-d9defa2 e-flex e-con-boxed e-con e-parent\" data-id=\"d9defa2\" data-element_type=\"container\">\n\t\t\t\t\t<div class=\"e-con-inner\">\n\t\t<div class=\"elementor-element elementor-element-b1e3226 e-con-full elementor-hidden-tablet e-flex e-con e-child\" data-id=\"b1e3226\" data-element_type=\"container\" data-settings=\"{&quot;background_background&quot;:&quot;classic&quot;}\">\n\t\t\t\t<\/div>\n\t\t<div class=\"elementor-element elementor-element-d684a17 e-con-full e-flex e-con e-child\" data-id=\"d684a17\" data-element_type=\"container\">\n\t\t\t\t<div class=\"elementor-element elementor-element-f50df52 elementor-hidden-desktop elementor-hidden-tablet elementor-hidden-mobile elementor-widget elementor-widget-heading\" data-id=\"f50df52\" data-element_type=\"widget\" data-widget_type=\"heading.default\">\n\t\t\t\t<div class=\"elementor-widget-container\">\n\t\t\t\t\t<span class=\"elementor-heading-title elementor-size-default\">Conoce la Iglesia Viva<\/span>\t\t\t\t<\/div>\n\t\t\t\t<\/div>\n\t\t\t\t<div class=\"elementor-element elementor-element-aa3a724 elementor-widget elementor-widget-heading\" data-id=\"aa3a724\" data-element_type=\"widget\" data-widget_type=\"heading.default\">\n\t\t\t\t<div class=\"elementor-widget-container\">\n\t\t\t\t\t<h2 class=\"elementor-heading-title elementor-size-default\">Movimiento y<\/h2>\t\t\t\t<\/div>\n\t\t\t\t<\/div>\n\t\t\t\t<div class=\"elementor-element elementor-element-d9ea5c8 elementor-widget elementor-widget-heading\" data-id=\"d9ea5c8\" data-element_type=\"widget\" data-widget_type=\"heading.default\">\n\t\t\t\t<div class=\"elementor-widget-container\">\n\t\t\t\t\t<h3 class=\"elementor-heading-title elementor-size-default\">Esencia<\/h3>\t\t\t\t<\/div>\n\t\t\t\t<\/div>\n\t\t\t\t<div class=\"elementor-element elementor-element-1efb185 font-informa-pro elementor-widget elementor-widget-text-editor\" data-id=\"1efb185\" data-element_type=\"widget\" data-widget_type=\"text-editor.default\">\n\t\t\t\t<div class=\"elementor-widget-container\">\n\t\t\t\t\t\t\t\t\t<p>La <strong>Asamblea de la Asociaci\u00f3n General<\/strong> es el principal foro para elegir a los l\u00edderes de la Iglesia Adventista del S\u00e9ptimo D\u00eda en todo el mundo y debatir cambios en su Constituci\u00f3n. Con representantes de las 13 regiones administrativas de la Iglesia, los delegados participan en este evento con un enfoque en la diversidad de g\u00e9nero, edad, experiencia y nacionalidades, fortaleciendo la misi\u00f3n y visi\u00f3n de la Iglesia como un movimiento global.<\/p><p>Inspirada en estos principios y en el deseo de estrechar los lazos comunitarios, la reuni\u00f3n pretende reavivar la esperanza, fomentar la transformaci\u00f3n personal y unir a la comunidad mediante el culto, el aprendizaje y el servicio.<\/p>\t\t\t\t\t\t\t\t<\/div>\n\t\t\t\t<\/div>\n\t\t\t\t<\/div>\n\t\t\t\t\t<\/div>\n\t\t\t\t<\/div>\n\t\t<div class=\"elementor-element elementor-element-661d28b elementor-hidden-desktop elementor-hidden-tablet elementor-hidden-mobile e-flex e-con-boxed e-con e-parent\" data-id=\"661d28b\" data-element_type=\"container\" data-settings=\"{&quot;background_background&quot;:&quot;classic&quot;}\">\n\t\t\t\t\t<div class=\"e-con-inner\">\n\t\t<div class=\"elementor-element elementor-element-d76e002 e-con-full elementor-hidden-mobile e-flex e-con e-child\" data-id=\"d76e002\" data-element_type=\"container\">\n\t\t\t\t<\/div>\n\t\t<div class=\"elementor-element elementor-element-4b27e6f e-con-full e-flex e-con e-child\" data-id=\"4b27e6f\" data-element_type=\"container\">\n\t\t\t\t<div class=\"elementor-element elementor-element-b5d57a1 elementor-widget elementor-widget-heading\" data-id=\"b5d57a1\" data-element_type=\"widget\" data-widget_type=\"heading.default\">\n\t\t\t\t<div class=\"elementor-widget-container\">\n\t\t\t\t\t<span class=\"elementor-heading-title elementor-size-default\">Transformaciones<\/span>\t\t\t\t<\/div>\n\t\t\t\t<\/div>\n\t\t\t\t<div class=\"elementor-element elementor-element-0bd7632 elementor-widget elementor-widget-heading\" data-id=\"0bd7632\" data-element_type=\"widget\" data-widget_type=\"heading.default\">\n\t\t\t\t<div class=\"elementor-widget-container\">\n\t\t\t\t\t<h3 class=\"elementor-heading-title elementor-size-default\">LA JORNADA<\/h3>\t\t\t\t<\/div>\n\t\t\t\t<\/div>\n\t\t\t\t<div class=\"elementor-element elementor-element-3b006b9 elementor-widget__width-initial font-informa-pro elementor-widget elementor-widget-text-editor\" data-id=\"3b006b9\" data-element_type=\"widget\" data-widget_type=\"text-editor.default\">\n\t\t\t\t<div class=\"elementor-widget-container\">\n\t\t\t\t\t\t\t\t\t<p>\n  La <strong>Asamblea de la Asociaci\u00f3n General<\/strong> es el principal foro para elegir a los l\u00edderes de la Iglesia Adventista del S\u00e9ptimo D\u00eda en todo el mundo y debatir cambios en su Constituci\u00f3n. Con representantes de las 13 regiones administrativas de la Iglesia, los delegados participan en este evento con un enfoque en la diversidad de g\u00e9nero, edad, experiencia y nacionalidades, fortaleciendo la misi\u00f3n y la visi\u00f3n de la Iglesia como un movimiento global.\n<\/p>\n\n<p>\n  Inspirado en estos principios y en el deseo de fortalecer los lazos comunitarios, el evento <strong>Iglesia Viva<\/strong> surgi\u00f3 como un movimiento para reavivar la esperanza, fomentar la transformaci\u00f3n personal y unir a la comunidad mediante la adoraci\u00f3n, el aprendizaje y el servicio.\n<\/p>\n\t\t\t\t\t\t\t\t<\/div>\n\t\t\t\t<\/div>\n\t\t\t\t<\/div>\n\t\t\t\t\t<\/div>\n\t\t\t\t<\/div>\n\t\t<div class=\"elementor-element elementor-element-0495421 e-flex e-con-boxed e-con e-parent\" data-id=\"0495421\" data-element_type=\"container\">\n\t\t\t\t\t<div class=\"e-con-inner\">\n\t\t<div class=\"elementor-element elementor-element-bd9251f e-con-full e-flex e-con e-child\" data-id=\"bd9251f\" data-element_type=\"container\">\n\t\t\t\t<div class=\"elementor-element elementor-element-3744267 elementor-widget elementor-widget-heading\" data-id=\"3744267\" data-element_type=\"widget\" data-widget_type=\"heading.default\">\n\t\t\t\t<div class=\"elementor-widget-container\">\n\t\t\t\t\t<h2 class=\"elementor-heading-title elementor-size-default\">Del Pasado al Presente<\/h2>\t\t\t\t<\/div>\n\t\t\t\t<\/div>\n\t\t<div class=\"elementor-element elementor-element-9acd7b7 e-con-full e-flex e-con e-child\" data-id=\"9acd7b7\" data-element_type=\"container\">\n\t\t\t\t<div class=\"elementor-element elementor-element-20de7f9 elementor-widget__width-initial elementor-widget elementor-widget-heading\" data-id=\"20de7f9\" data-element_type=\"widget\" data-widget_type=\"heading.default\">\n\t\t\t\t<div class=\"elementor-widget-container\">\n\t\t\t\t\t<h3 class=\"elementor-heading-title elementor-size-default\">Inicio de la<\/h3>\t\t\t\t<\/div>\n\t\t\t\t<\/div>\n\t\t\t\t<div class=\"elementor-element elementor-element-aa41ea3 elementor-widget__width-initial elementor-widget elementor-widget-heading\" data-id=\"aa41ea3\" data-element_type=\"widget\" data-widget_type=\"heading.default\">\n\t\t\t\t<div class=\"elementor-widget-container\">\n\t\t\t\t\t<h3 class=\"elementor-heading-title elementor-size-default\">Asamblea<\/h3>\t\t\t\t<\/div>\n\t\t\t\t<\/div>\n\t\t\t\t<\/div>\n\t\t\t\t<div class=\"elementor-element elementor-element-db7518e font-informa-pro elementor-widget elementor-widget-text-editor\" data-id=\"db7518e\" data-element_type=\"widget\" data-widget_type=\"text-editor.default\">\n\t\t\t\t<div class=\"elementor-widget-container\">\n\t\t\t\t\t\t\t\t\t<p><br \/>En 1863, l\u00edderes adventistas se reunieron en Battle Creek, M\u00edchigan, con el prop\u00f3sito de organizar la Asociaci\u00f3n General, eligiendo al presidente y al secretario, y redactando la Constituci\u00f3n y el reglamento interno. Durante la reuni\u00f3n, tambi\u00e9n se estableci\u00f3 la direcci\u00f3n de la Asociaci\u00f3n, compuesta por presidente, secretario y tesorero, una estructura que se mantiene hasta hoy.<\/p><p>Battle Creek fue sede de 26 de las primeras 31 Asambleas. La primera Asamblea al oeste del r\u00edo Misisipi tuvo lugar en Oakland, California, en 1887. En tres ocasiones se celebr\u00f3 fuera de Estados Unidos: en Austria en 1975, en los Pa\u00edses Bajos en 1995 y en Canad\u00e1 en 2000. St. Louis ser\u00e1 la sede de la 62\u00aa Asamblea.<\/p>\t\t\t\t\t\t\t\t<\/div>\n\t\t\t\t<\/div>\n\t\t\t\t<\/div>\n\t\t<div class=\"elementor-element elementor-element-c6d686f e-con-full e-flex e-con e-child\" data-id=\"c6d686f\" data-element_type=\"container\" data-settings=\"{&quot;background_background&quot;:&quot;classic&quot;}\">\n\t\t\t\t<\/div>\n\t\t\t\t\t<\/div>\n\t\t\t\t<\/div>\n\t\t<div class=\"elementor-element elementor-element-6b6fdbc elementor-hidden-desktop elementor-hidden-tablet elementor-hidden-mobile e-flex e-con-boxed e-con e-parent\" data-id=\"6b6fdbc\" data-element_type=\"container\">\n\t\t\t\t\t<div class=\"e-con-inner\">\n\t\t<div class=\"elementor-element elementor-element-72ef199 e-con-full e-flex e-con e-child\" data-id=\"72ef199\" data-element_type=\"container\">\n\t\t\t\t<div class=\"elementor-element elementor-element-e24737d elementor-widget elementor-widget-heading\" data-id=\"e24737d\" data-element_type=\"widget\" data-widget_type=\"heading.default\">\n\t\t\t\t<div class=\"elementor-widget-container\">\n\t\t\t\t\t<span class=\"elementor-heading-title elementor-size-default\">Fe que Transform<\/span>\t\t\t\t<\/div>\n\t\t\t\t<\/div>\n\t\t\t\t<div class=\"elementor-element elementor-element-793d550 elementor-widget elementor-widget-heading\" data-id=\"793d550\" data-element_type=\"widget\" data-widget_type=\"heading.default\">\n\t\t\t\t<div class=\"elementor-widget-container\">\n\t\t\t\t\t<h3 class=\"elementor-heading-title elementor-size-default\">Misi\u00f3n en<\/h3>\t\t\t\t<\/div>\n\t\t\t\t<\/div>\n\t\t\t\t<div class=\"elementor-element elementor-element-450fc50 elementor-widget__width-initial elementor-widget elementor-widget-heading\" data-id=\"450fc50\" data-element_type=\"widget\" data-widget_type=\"heading.default\">\n\t\t\t\t<div class=\"elementor-widget-container\">\n\t\t\t\t\t<h3 class=\"elementor-heading-title elementor-size-default\">Movimiento<\/h3>\t\t\t\t<\/div>\n\t\t\t\t<\/div>\n\t\t\t\t<div class=\"elementor-element elementor-element-63433d2 font-informa-pro elementor-widget elementor-widget-text-editor\" data-id=\"63433d2\" data-element_type=\"widget\" data-widget_type=\"text-editor.default\">\n\t\t\t\t<div class=\"elementor-widget-container\">\n\t\t\t\t\t\t\t\t\t<p>\n  La <strong>Iglesia Viva<\/strong> comparte la misi\u00f3n Adventista al buscar esperanza y servir con amor. Al igual que los primeros l\u00edderes, la conexi\u00f3n se fortalece a trav\u00e9s de experiencias que renuevan prop\u00f3sitos, fortalecen lazos y transforman realidades por medio de la fe y la adoraci\u00f3n.\n<\/p>\n\t\t\t\t\t\t\t\t<\/div>\n\t\t\t\t<\/div>\n\t\t\t\t<\/div>\n\t\t<div class=\"elementor-element elementor-element-515f256 e-con-full e-flex e-con e-child\" data-id=\"515f256\" data-element_type=\"container\" data-settings=\"{&quot;background_background&quot;:&quot;classic&quot;}\">\n\t\t\t\t<div class=\"elementor-element elementor-element-0739b41 elementor-widget__width-initial elementor-widget elementor-widget-heading\" data-id=\"0739b41\" data-element_type=\"widget\" data-widget_type=\"heading.default\">\n\t\t\t\t<div class=\"elementor-widget-container\">\n\t\t\t\t\t<h2 class=\"elementor-heading-title elementor-size-default\">Redescubriendo el Prop\u00f3sito Individual<\/h2>\t\t\t\t<\/div>\n\t\t\t\t<\/div>\n\t\t\t\t<div class=\"elementor-element elementor-element-a2d3e04 font-informa-pro elementor-widget elementor-widget-text-editor\" data-id=\"a2d3e04\" data-element_type=\"widget\" data-widget_type=\"text-editor.default\">\n\t\t\t\t<div class=\"elementor-widget-container\">\n\t\t\t\t\t\t\t\t\tPor medio de la fe y el servicio, cada persona redescubre su misi\u00f3n y conexi\u00f3n con Dios, fomentando un camino de compromiso espiritual y autoconocimiento.\t\t\t\t\t\t\t\t<\/div>\n\t\t\t\t<\/div>\n\t\t\t\t<\/div>\n\t\t<div class=\"elementor-element elementor-element-f3352c3 e-con-full e-flex e-con e-child\" data-id=\"f3352c3\" data-element_type=\"container\" data-settings=\"{&quot;background_background&quot;:&quot;classic&quot;}\">\n\t\t\t\t<div class=\"elementor-element elementor-element-f8f1369 elementor-widget__width-initial elementor-widget elementor-widget-heading\" data-id=\"f8f1369\" data-element_type=\"widget\" data-widget_type=\"heading.default\">\n\t\t\t\t<div class=\"elementor-widget-container\">\n\t\t\t\t\t<h2 class=\"elementor-heading-title elementor-size-default\">Transformaci\u00f3n Social a Trav\u00e9s del Servicio<\/h2>\t\t\t\t<\/div>\n\t\t\t\t<\/div>\n\t\t\t\t<div class=\"elementor-element elementor-element-e184b1d font-informa-pro elementor-widget elementor-widget-text-editor\" data-id=\"e184b1d\" data-element_type=\"widget\" data-widget_type=\"text-editor.default\">\n\t\t\t\t<div class=\"elementor-widget-container\">\n\t\t\t\t\t\t\t\t\tIncentivamos acciones pr\u00e1cticas y el servicio comunitario, llevando esperanza y amor a las personas en situaci\u00f3n de vulnerabilidad.\t\t\t\t\t\t\t\t<\/div>\n\t\t\t\t<\/div>\n\t\t\t\t<\/div>\n\t\t\t\t\t<\/div>\n\t\t\t\t<\/div>\n\t\t<div class=\"elementor-element elementor-element-171da8c elementor-hidden-desktop elementor-hidden-tablet elementor-hidden-mobile e-flex e-con-boxed e-con e-parent\" data-id=\"171da8c\" data-element_type=\"container\">\n\t\t\t\t\t<div class=\"e-con-inner\">\n\t\t<div class=\"elementor-element elementor-element-af20a91 e-con-full e-flex e-con e-child\" data-id=\"af20a91\" data-element_type=\"container\" data-settings=\"{&quot;background_background&quot;:&quot;classic&quot;}\">\n\t\t\t\t<div class=\"elementor-element elementor-element-b02e005 elementor-widget__width-initial elementor-widget elementor-widget-heading\" data-id=\"b02e005\" data-element_type=\"widget\" data-widget_type=\"heading.default\">\n\t\t\t\t<div class=\"elementor-widget-container\">\n\t\t\t\t\t<h2 class=\"elementor-heading-title elementor-size-default\">De la Fe Pasiva al Compromiso Activo<\/h2>\t\t\t\t<\/div>\n\t\t\t\t<\/div>\n\t\t\t\t<div class=\"elementor-element elementor-element-ccd289a font-informa-pro elementor-widget elementor-widget-text-editor\" data-id=\"ccd289a\" data-element_type=\"widget\" data-widget_type=\"text-editor.default\">\n\t\t\t\t<div class=\"elementor-widget-container\">\n\t\t\t\t\t\t\t\t\tEl evento invita a los participantes a salir de su zona de confort y transformar su experiencia de fe en un compromiso activo con la misi\u00f3n.\t\t\t\t\t\t\t\t<\/div>\n\t\t\t\t<\/div>\n\t\t\t\t<\/div>\n\t\t<div class=\"elementor-element elementor-element-72e5a81 e-con-full e-flex e-con e-child\" data-id=\"72e5a81\" data-element_type=\"container\" data-settings=\"{&quot;background_background&quot;:&quot;classic&quot;}\">\n\t\t\t\t<div class=\"elementor-element elementor-element-83f9147 elementor-widget__width-initial elementor-widget elementor-widget-heading\" data-id=\"83f9147\" data-element_type=\"widget\" data-widget_type=\"heading.default\">\n\t\t\t\t<div class=\"elementor-widget-container\">\n\t\t\t\t\t<h2 class=\"elementor-heading-title elementor-size-default\">Esperanza para el Manana<\/h2>\t\t\t\t<\/div>\n\t\t\t\t<\/div>\n\t\t\t\t<div class=\"elementor-element elementor-element-47e7a16 font-informa-pro elementor-widget elementor-widget-text-editor\" data-id=\"47e7a16\" data-element_type=\"widget\" data-widget_type=\"text-editor.default\">\n\t\t\t\t<div class=\"elementor-widget-container\">\n\t\t\t\t\t\t\t\t\tLos encuentros fortalecen los lazos globales, promoviendo la comuni\u00f3n, el intercambio de experiencias y la certeza de un futuro lleno de esperanza.\t\t\t\t\t\t\t\t<\/div>\n\t\t\t\t<\/div>\n\t\t\t\t<\/div>\n\t\t<div class=\"elementor-element elementor-element-a012ce3 e-con-full e-flex e-con e-child\" data-id=\"a012ce3\" data-element_type=\"container\" data-settings=\"{&quot;background_background&quot;:&quot;classic&quot;}\">\n\t\t\t\t<div class=\"elementor-element elementor-element-b77264d elementor-widget__width-initial elementor-widget elementor-widget-heading\" data-id=\"b77264d\" data-element_type=\"widget\" data-widget_type=\"heading.default\">\n\t\t\t\t<div class=\"elementor-widget-container\">\n\t\t\t\t\t<h2 class=\"elementor-heading-title elementor-size-default\">Historias, Culturas y Fe<\/h2>\t\t\t\t<\/div>\n\t\t\t\t<\/div>\n\t\t\t\t<div class=\"elementor-element elementor-element-8337212 font-informa-pro elementor-widget elementor-widget-text-editor\" data-id=\"8337212\" data-element_type=\"widget\" data-widget_type=\"text-editor.default\">\n\t\t\t\t<div class=\"elementor-widget-container\">\n\t\t\t\t\t\t\t\t\tCreamos un espacio para acoger historias, experiencias y tradiciones diversas, fortaleciendo la uni\u00f3n de la iglesia global y celebrando la diversidad como parte de la misi\u00f3n com\u00fan.\t\t\t\t\t\t\t\t<\/div>\n\t\t\t\t<\/div>\n\t\t\t\t<\/div>\n\t\t\t\t\t<\/div>\n\t\t\t\t<\/div>\n\t\t<div class=\"elementor-element elementor-element-907c586 e-flex e-con-boxed e-con e-parent\" data-id=\"907c586\" data-element_type=\"container\">\n\t\t\t\t\t<div class=\"e-con-inner\">\n\t\t<div class=\"elementor-element elementor-element-155ea8a e-con-full e-flex e-con e-child\" data-id=\"155ea8a\" data-element_type=\"container\">\n\t\t\t\t<div class=\"elementor-element elementor-element-b5ea487 elementor-widget elementor-widget-heading\" data-id=\"b5ea487\" data-element_type=\"widget\" data-widget_type=\"heading.default\">\n\t\t\t\t<div class=\"elementor-widget-container\">\n\t\t\t\t\t<span class=\"elementor-heading-title elementor-size-default\">La asamblea a lo largo de los a\u00f1os<\/span>\t\t\t\t<\/div>\n\t\t\t\t<\/div>\n\t\t<div class=\"elementor-element elementor-element-283ecc7 e-con-full e-flex e-con e-child\" data-id=\"283ecc7\" data-element_type=\"container\">\n\t\t\t\t<div class=\"elementor-element elementor-element-6ff8f67 elementor-widget__width-initial elementor-widget elementor-widget-heading\" data-id=\"6ff8f67\" data-element_type=\"widget\" data-widget_type=\"heading.default\">\n\t\t\t\t<div class=\"elementor-widget-container\">\n\t\t\t\t\t<h3 class=\"elementor-heading-title elementor-size-default\">Frecuencia y<\/h3>\t\t\t\t<\/div>\n\t\t\t\t<\/div>\n\t\t\t\t<div class=\"elementor-element elementor-element-2867895 elementor-widget__width-initial elementor-widget elementor-widget-heading\" data-id=\"2867895\" data-element_type=\"widget\" data-widget_type=\"heading.default\">\n\t\t\t\t<div class=\"elementor-widget-container\">\n\t\t\t\t\t<h3 class=\"elementor-heading-title elementor-size-default\">Escenarios<\/h3>\t\t\t\t<\/div>\n\t\t\t\t<\/div>\n\t\t\t\t<\/div>\n\t\t\t\t<div class=\"elementor-element elementor-element-bcd5b2d font-informa-pro elementor-widget elementor-widget-text-editor\" data-id=\"bcd5b2d\" data-element_type=\"widget\" data-widget_type=\"text-editor.default\">\n\t\t\t\t<div class=\"elementor-widget-container\">\n\t\t\t\t\t\t\t\t\t<p><br \/>Con el tiempo, el intervalo entre las Asambleas de la Asociaci\u00f3n General se fue ajustando. Inicialmente anuales hasta 1891, pasaron a celebrarse cada dos a\u00f1os hasta 1905. Despu\u00e9s, el intervalo se estableci\u00f3 en cada cuatro a\u00f1os, con pausas durante eventos hist\u00f3ricos como la Primera Guerra Mundial y la Gran Depresi\u00f3n. En 1970, conforme a la Constituci\u00f3n de la Iglesia Adventista, se ajust\u00f3 a cada cinco a\u00f1os.<\/p><p>Las asambleas m\u00e1s recientes se han llevado a cabo en grandes estadios de b\u00e9isbol y f\u00fatbol en Estados Unidos, Canad\u00e1 y Europa, con capacidad para m\u00e1s de 70 mil participantes. Estos lugares cuentan con equipos de apoyo en ingl\u00e9s, transporte accesible y seguridad alimentaria, cumpliendo con los requisitos log\u00edsticos para recibir a delegados y participantes en un evento de escala global.<\/p>\t\t\t\t\t\t\t\t<\/div>\n\t\t\t\t<\/div>\n\t\t\t\t<\/div>\n\t\t<div class=\"elementor-element elementor-element-db21344 e-con-full e-flex e-con e-child\" data-id=\"db21344\" data-element_type=\"container\" data-settings=\"{&quot;background_background&quot;:&quot;classic&quot;}\">\n\t\t\t\t<\/div>\n\t\t\t\t\t<\/div>\n\t\t\t\t<\/div>\n\t\t\t\t<\/div>\n\t\t","protected":false},"excerpt":{"rendered":"<p>Sobre nosotros Nuestra historia Fe, conexi\u00f3n y prop\u00f3sito Conoce la Iglesia Viva Movimiento y Esencia La Asamblea de la Asociaci\u00f3n General es el principal foro para elegir a los l\u00edderes de la Iglesia Adventista del S\u00e9ptimo D\u00eda en todo el mundo y debatir cambios en su Constituci\u00f3n. Con representantes de las 13 regiones administrativas de &hellip; <a href=\"https:\/\/gc.adventistas.org\/es\/historia-de-las-asambleas-de-la-asociacion-general\/\">Continued<\/a><\/p>\n","protected":false},"author":1,"featured_media":0,"parent":0,"menu_order":0,"comment_status":"closed","template":"","meta":{"_acf_changed":false,"footnotes":""},"class_list":["post-77","page","type-page","status-publish","hentry"],"acf":[]}